{"id":34,"date":"2015-04-13T10:38:30","date_gmt":"2015-04-13T08:38:30","guid":{"rendered":"http:\/\/owogs.bs.katowice.pl\/?page_id=34"},"modified":"2015-05-22T14:46:42","modified_gmt":"2015-05-22T12:46:42","slug":"ii-edycja","status":"publish","type":"page","link":"https:\/\/owogs.bs.katowice.pl\/?page_id=34","title":{"rendered":"II edycja"},"content":{"rendered":"<div class=\"fcbkbttn_buttons_block\" id=\"fcbkbttn_left\"><div class=\"fcbkbttn_button\">\n\t\t\t\t\t<a href=\"https:\/\/www.facebook.com\/1646254928942857\" target=\"_blank\">\n\t\t\t\t\t\t<img decoding=\"async\" src=\"https:\/\/owogs.bs.katowice.pl\/wp-content\/plugins\/facebook-button-plugin\/images\/standard-facebook-ico.png\" alt=\"Fb-Button\" \/>\n\t\t\t\t\t<\/a>\n\t\t\t\t<\/div><div class=\"fcbkbttn_like \"><fb:like href=\"https:\/\/owogs.bs.katowice.pl\/?page_id=34\" action=\"like\" colorscheme=\"light\" layout=\"button_count\"  size=\"small\"><\/fb:like><\/div><div class=\"fb-share-button  \" data-href=\"https:\/\/owogs.bs.katowice.pl\/?page_id=34\" data-type=\"button_count\" data-size=\"small\"><\/div><\/div><p>Fina\u0142 Olimpiady b\u0119dzie mia\u0142 miejsce w dniu 12 kwietnia 2013 r.<\/p>\n<p>w godzinach 10.00 &#8211; 16.00<\/p>\n<p>w sali Benedyktynka Biblioteki \u015al\u0105skiej w Katowicach.<\/p>\n<p><!--more--><\/p>\n<div dir=\"ltr\" data-font-name=\"g_font_5_0\" data-canvas-width=\"207.8400061941147\">INFORMACJE DOT. FINA\u0141U<\/div>\n<div dir=\"ltr\" data-font-name=\"g_font_5_0\" data-canvas-width=\"313.88800935459136\">OLIMPIADY WIEDZY O G\u00d3RNYM \u015aL\u0104SKU<\/div>\n<div dir=\"ltr\" data-font-name=\"Times New Roman\" data-canvas-width=\"5.328000158786773\">Drodzy Uczestnicy, Szanowni Nauczyciele!<\/div>\n<div dir=\"ltr\" data-font-name=\"Times New Roman\" data-canvas-width=\"256.19200763511657\">Fina\u0142 Olimpiady rozpocznie si\u0119 dnia 12 kwietnia 2013 r. w Bibliotece \u015al\u0105skiej w Sali Benedyktynka o godzinie 10.00. Rejestracja zawodnik\u00f3w od godziny 9.15. Etap fina\u0142owy sk\u0142ada si\u0119 z dw\u00f3ch cz\u0119\u015bci. Pierwsza to pisemny test wyboru z zakresu czterech dziedzin (geografia, historia,<\/div>\n<div dir=\"ltr\" data-font-name=\"Times New Roman\" data-canvas-width=\"20.78400061941147\">literatura i etnografia), sk\u0142adaj\u0105cy si\u0119 z 40 pyta\u0144 (po 10 pyta\u0144 z ka\u017cdej dziedziny). Pytania oparte zostan\u0105 na pozycjach bibliograficznych zamieszczonych na stronie Olimpiady (zak\u0142adka: Dokumenty\/Zagadnienia edycja II). S\u0105 one identyczne z wymaganiami do etapu szkolnego. Druga cz\u0119\u015b\u0107 \u2013 obrona pracy pisemnej zg\u0142oszonej do konkursu \u2013 jest r\u00f3wnie\u017c dwucz\u0142onowa; sk\u0142adaj\u0105 si\u0119 na ni\u0105 prezentacja w\u0142asnego tematu (oko\u0142o 10 minut \u2013 czas limitowany) i odpowiedzi na pytania komisji (oko\u0142o 5 minut). Uczestnicy b\u0119d\u0105 oceniani za zawarto\u015b\u0107 merytoryczn\u0105 wypowiedzi, spos\u00f3b prezentacji tematu oraz wykonanie prezentacji. Prezentacja powinna mie\u0107 charakter pokazu multimedialnego (PowerPoint format ppt2003). Uczestnicy proszeni s\u0105 o dostarczenie organizatorom no\u015bnika z zapisem prezentacji w momencie rejestracji zawodnik\u00f3w, najp\u00f3\u017aniej na 15 minut przed rozpocz\u0119ciem fina\u0142\u00f3w. Ze<\/div>\n<div dir=\"ltr\" data-font-name=\"g_font_5_0\" data-canvas-width=\"68.14400203084946\">wzgl\u0119du na wyeliminowanie ewentualnych problem\u00f3w technicznych, prosimy o zapisanie prezentacji na kilku niezale\u017cnych no\u015bnikach. Organizatorzy nie pokrywaj\u0105 koszt\u00f3w podr\u00f3\u017cy.<\/div>\n<p>&nbsp;<\/p>\n<table width=\"624\">\n<tbody>\n<tr>\n<td width=\"289\">Kierunek\/specjalno\u015b\u0107<\/td>\n<td width=\"107\">Poziom<br \/>\nkszta\u0142cenia<\/td>\n<td width=\"102\">Forma<br \/>\nstudi\u00f3w<\/td>\n<td width=\"126\">Liczba<br \/>\nmiejsc<\/td>\n<\/tr>\n<tr>\n<td><\/td>\n<td><\/td>\n<td><\/td>\n<td><\/td>\n<\/tr>\n<tr>\n<td width=\"289\">Geografia<\/td>\n<td>I stopie\u0144<\/td>\n<td>stacjonarne<\/td>\n<td>3<\/td>\n<\/tr>\n<tr>\n<td width=\"289\">Historia<\/td>\n<td>I stopie\u0144<\/td>\n<td>stacjonarne<\/td>\n<td>3<\/td>\n<\/tr>\n<tr>\n<td width=\"289\">Mi\u0119dzywydzia\u0142owe Indywidualne Studia Humanistyczne<\/td>\n<td>I stopie\u0144<\/td>\n<td>stacjonarne<\/td>\n<td width=\"126\">1<\/td>\n<\/tr>\n<tr>\n<td width=\"289\">In\u017cynieria materia\u0142owa<\/td>\n<td>I stopie\u0144<\/td>\n<td>stacjonarne<\/td>\n<td>2<\/td>\n<\/tr>\n<tr>\n<td width=\"289\">Mechatronika<\/td>\n<td>I stopie\u0144<\/td>\n<td>stacjonarne<\/td>\n<td>2<\/td>\n<\/tr>\n<tr>\n<td width=\"289\">Edukacja techniczno-informatyczna<\/td>\n<td>I stopie\u0144<\/td>\n<td>stacjonarne<\/td>\n<td>2<\/td>\n<\/tr>\n<tr>\n<td width=\"289\">Politologia<\/td>\n<td>I stopie\u0144<\/td>\n<td>stacjonarne<\/td>\n<td width=\"126\">3<\/td>\n<\/tr>\n<tr>\n<td width=\"289\">Dziennikarstwo i komunikacja spo\u0142eczna<\/td>\n<td>I stopie\u0144<\/td>\n<td>stacjonarne<\/td>\n<td width=\"126\">1<\/td>\n<\/tr>\n<tr>\n<td width=\"289\">Zarz\u0105dzanie<\/td>\n<td>I stopie\u0144<\/td>\n<td>stacjonarne<\/td>\n<td>2<\/td>\n<\/tr>\n<\/tbody>\n<\/table>\n<p>&nbsp;<\/p>\n<p>KIERUNKI STUDI\u00d3W NA UJ DO WYBORU PRZEZ LAUREAT\u00d3W:<\/p>\n<p>etnologia, historia, historia sztuki, ochrona d\u00f3br kultury, filologia polska (1 miejsce, do wyboru specjalno\u015bci: antropologiczno &#8211; kulturowa, nauczycielska, komparatystyka), kulturoznawstwo &#8211; specjalno\u015b\u0107: teksty kultury, wiedza<br \/>\no teatrze, geografia.<\/p>\n<p>&nbsp;<\/p>\n<p>OLIMPIADA WIEDZY O G\u00d3RNYM \u015aL\u0104SKU<br \/>\nEDYCJA II \u2013 LISTA FINALIST\u00d3W<br \/>\n1. Bytom I LO, Barbara Grzesiak, <em>Z G\u00f3rnego \u015al\u0105ska w \u015bwiat \u2013 przyk\u0142ady kariery artystycznej (naukowej, politycznej, ekonomicznej) wsp\u00f3\u0142czesnych G\u00f3rno\u015bl\u0105zak\u00f3w w Europie \/ na \u015bwiecie<\/em><br \/>\n2. Bytom I LO, Jakub Laszczyk, <em>Specyfika \u015bl\u0105skiej szko\u0142y rapu<\/em><br \/>\n3. Chorz\u00f3w ZSTiO nr 4, Monika Sosnowska, <em>Historia kina &#8222;Panorama&#8221; w Chorzowie<\/em><br \/>\n4. Gogo\u0142owa ZS, Anna \u015alosarek, <em>Rola rzeki Szotk\u00f3wki w kszta\u0142towaniu krajobrazu kulturowego gminy Mszana<\/em><br \/>\n5. Jastrz\u0119bie ZS nr 6, Marcin Stokowy, <em>Olza jako rzeka graniczna<\/em><br \/>\n6. Katowice III LO, Hanna Groborz, <em>Obraz \u015al\u0105ska i \u015al\u0105zak\u00f3w w dzie\u0142ach \u201eCholonek\u2026\u201d Janoscha i \u201eNarodziny serca\u201d G. Morcinka<\/em><br \/>\n7. Katowice IX LO, Ewelina Sid\u0142o, <em>Losy \u015bl\u0105skich sportowc\u00f3w, losy \u015bl\u0105skich klub\u00f3w. Historie polskie i nie tylko\u2026 Jerzy Kukuczka \u2013 g\u00f3ry ponad wszystko<\/em><br \/>\n8. Lubliniec I LO, Adrian Bonk, <em>\u015awiadectwo wielokulturowo\u015bci najstarszych cmentarzy na G\u00f3rnym \u015al\u0105sku \u2013 analiza inskrypcji tablic nagrobnych<\/em><br \/>\n9. Ruda \u015al\u0105ska ZSO nr 1, Magdalena P\u0142ota\u0142a,<em> Znajomo\u015b\u0107 bierna i czynna gwary \u015bl\u0105skiej w\u015br\u00f3d uczni\u00f3w ZSO nr 1 im. A. Mickiewicza w Rudzie \u015al\u0105skiej<\/em><br \/>\n10. Rybnik II LO, Mateusz Tumula, <em>\u015awiadectwo wielokulturowo\u015bci najstarszych cmentarzy na G\u00f3rnym \u015al\u0105sku \u2013 analiza inskrypcji nagrobnych<\/em><br \/>\n11. Rybnik II LO, Edyta Zniszczo\u0142, <em>Wp\u0142ywy czeskie i morawskie na ziemi rybnickiej na przyk\u0142adzie kultu \u015bwi\u0119tych i element\u00f3w gwary<\/em><\/p>\n<p>12. Rybnik c, Magdalena Kozio\u0142, <em>\u201e<\/em><em>My i oni&#8221; \u2013 problemy integracji ludno\u015bci nap\u0142ywowej na G\u00f3rnym \u015al\u0105sku po II wojnie \u015bwiatowej. Analiza zjawiska w oparciu o relacje \u015bwiadk\u00f3w, badania socjologiczne i materia\u0142y prasowe.<\/em><br \/>\n13. Siemianowice \u015al\u0105skie I LO, Olaf Kot, <em>Losy \u015bl\u0105skich sportowc\u00f3w, losy \u015bl\u0105skich klub\u00f3w. Historie polskie i nie tylko\u2026<\/em><br \/>\n14. Tarnowskie G\u00f3ry ZSAP \u2013 Technikum nr 7, Julia Kolano, <em>Znajomo\u015b\u0107 (bierna i czynna) gwary \u015bl\u0105skiej w\u015br\u00f3d uczni\u00f3w ZSA-P w Tarnowskich G\u00f3rach. Badania w\u0142asne.<\/em><br \/>\n15. Wodzis\u0142aw ZS, Rados\u0142aw Romanek, <em>Losy G\u00f3rno\u015bl\u0105zak\u00f3w i Mazur\u00f3w (Kaszub\u00f3w) po wkroczeniu Armii Czerwonej na ziemie polskie<\/em><br \/>\n16. Zabrze II LO, \u017baneta Mika, <em>Miasto w oczach bohatera. Analiza zagadnienia na podstawie \u201eUcieczki\u201d Stanis\u0142awa Bieniasza<\/em><\/p>\n<p>&nbsp;<\/p>\n<p>Prace konkursowe (wersja papierowa oraz zapis na p\u0142ycie cd w formacie pdf i word) nale\u017cy przes\u0142a\u0107 na adres:<\/p>\n<p>Zwi\u0105zek G\u00f3rno\u015bl\u0105ski, ul. Stalmacha 17, 40-058 Katowice<\/p>\n<p>z dopiskiem: &#8222;Olimpiada Wiedzy o G\u00f3rnym \u015al\u0105sku&#8221;<\/p>\n<p>do dnia 20 grudnia 2012 r. (data dotarcia pracy do komisji).<\/p>\n<p>Wskaz\u00f3wki og\u00f3lne, dotycz\u0105ce strony technicznej opracowania, znajduj\u0105 si\u0119 w instrukcji organizacyjnej (zak\u0142adka \u201eDokumenty\u201d). Nad merytoryczn\u0105 zawarto\u015bci\u0105 pracy uczestnika OWoG\u015a, zakwalifikowanego do II etapu, czuwa nauczyciel \u2013 opiekun pracy.<\/p>\n<p>Organizatorzy zwracaj\u0105 si\u0119 z pro\u015bb\u0105 do uczestnik\u00f3w Olimpiady zakwalifikowanych do II etapu o przes\u0142anie drog\u0105 elektroniczn\u0105 na adres <a href=\"mailto:slaskaolimpiada@wp.pl\"> slaskaolimpiada@wp.pl<\/a> WYBRANEGO TEMATU PRACY (prosimy o podanie numeru tematu z listy proponowanych lub pe\u0142nego sformu\u0142owania tematu w\u0142asnego) do dnia <strong>20 listopada br. <\/strong><\/p>\n<p>&nbsp;<\/p>\n<p>OLIMPIADA WIEDZY O G\u00d3RNYM \u015aL\u0104SKU \u2013 EDYCJA II<\/p>\n<div dir=\"ltr\" data-font-name=\"Times New Roman\" data-canvas-width=\"239.1040071258545\">PROPONOWANE TEMATY PRAC<\/div>\n<div dir=\"ltr\" data-font-name=\"Times New Roman\" data-canvas-width=\"50.256001497745515\">1. Losy G\u00f3rno\u015bl\u0105zak\u00f3w i Mazur\u00f3w (Kaszub\u00f3w) po wkroczeniu Armii Czerwonej na ziemie polskie<\/div>\n<div dir=\"ltr\" data-font-name=\"g_font_5_0\" data-canvas-width=\"324.20800966215137\">2. \u015al\u0105skie \u015blady w moim regionie (mie\u015bcie, ziemi&#8230;)<\/div>\n<div dir=\"ltr\" data-font-name=\"g_font_5_0\" data-canvas-width=\"99.52000296592712\">3. Przybysze z innych region\u00f3w w rodzinach \u015bl\u0105skich. Adaptacja i akceptacja r\u00f3\u017cnorodno\u015bci.<\/div>\n<div dir=\"ltr\" data-font-name=\"Times New Roman\" data-canvas-width=\"13.328000397205354\">4. Epizod \u015bl\u0105ski w \u017cyciu znanych osobisto\u015bci (np. R\u00f3\u017cewicz, Englert, Holoubek, Tomaszewski i inni).<\/div>\n<div dir=\"ltr\" data-font-name=\"Times New Roman\" data-canvas-width=\"122.97600366497039\">5. \u015awiadectwo wielokulturowo\u015bci najstarszych cmentarzy na G\u00f3rnym \u015al\u0105sku \u2013 analiza inskrypcji tablic nagrobnych.<\/div>\n<div dir=\"ltr\" data-font-name=\"g_font_5_0\" data-canvas-width=\"507.1200151133539\">6. Nazwy geograficzne \u015bwiadectwem wielokulturowo\u015bci (opracowanie na podstawie wybranej gminy \/ mikroregionu geograficznego w granicach G\u00f3rnego \u015al\u0105ska).<\/div>\n<div dir=\"ltr\" data-font-name=\"g_font_5_0\" data-canvas-width=\"374.89601117277147\">7. Rzeka w krajobrazie kulturowym \u2013 rzeki \u0142\u0105cz\u0105ce i rzeki graniczne (opracowanie na przyk\u0142adzie wybranej rzeki w granicach G\u00f3rnego \u015al\u0105ska).<\/div>\n<div dir=\"ltr\" data-font-name=\"g_font_5_0\" data-canvas-width=\"246.78400735473636\">8. Losy \u015bl\u0105skich sportowc\u00f3w, losy \u015bl\u0105skich klub\u00f3w. Historie polskie i nie tylko&#8230;<\/div>\n<div dir=\"ltr\" data-font-name=\"g_font_5_0\" data-canvas-width=\"292.6720087223053\">9. Znajomo\u015b\u0107 (bierna i czynna) gwary \u015bl\u0105skiej w\u015br\u00f3d uczni\u00f3w mojej szko\u0142y<\/div>\n<div dir=\"ltr\" data-font-name=\"g_font_5_0\" data-canvas-width=\"44.368001322269436\">\u2013 badania w\u0142asne<\/div>\n<div dir=\"ltr\" data-font-name=\"g_font_5_0\" data-canvas-width=\"186.56000555992125\">10. Styk wielu kultur etnicznych w mojej szkole\/ dzielnicy\/miejscowo\u015bci \/klatce schodowej \u2013 obserwacje i badania w\u0142asne<\/div>\n<div dir=\"ltr\" data-font-name=\"Times New Roman\" data-canvas-width=\"4.0000001192092896\">11. Z G\u00f3rnego \u015al\u0105ska w \u015bwiat \u2013 przyk\u0142ady kariery artystycznej (naukowej, politycznej, ekonomicznej i in.) wsp\u00f3\u0142czesnych G\u00f3rno\u015bl\u0105zak\u00f3w w Europie\/na \u015bwiecie.<\/div>\n<p>Zapraszamy wszystkich zainteresowanych G\u00f3rnym \u015al\u0105skiem na II edycj\u0119 Olimpiady!<\/p>\n<p>W zak\u0142adce &#8222;Terminy&#8221; zamieszczony jest harmonogram na rok szkolny 2012\/2013, za\u015b w zak\u0142adce &#8222;Dokumenty&#8221; zestaw zagadnie\u0144 do testu I etapu.<\/p>\n","protected":false},"excerpt":{"rendered":"<p>Fina\u0142 Olimpiady b\u0119dzie mia\u0142 miejsce w dniu 12 kwietnia 2013 r. w godzinach 10.00 &#8211; 16.00 w sali Benedyktynka Biblioteki \u015al\u0105skiej w Katowicach.<\/p>\n","protected":false},"author":1,"featured_media":0,"parent":30,"menu_order":2,"comment_status":"open","ping_status":"open","template":"","meta":{"footnotes":""},"class_list":["post-34","page","type-page","status-publish","hentry"],"_links":{"self":[{"href":"https:\/\/owogs.bs.katowice.pl\/index.php?rest_route=\/wp\/v2\/pages\/34","targetHints":{"allow":["GET"]}}],"collection":[{"href":"https:\/\/owogs.bs.katowice.pl\/index.php?rest_route=\/wp\/v2\/pages"}],"about":[{"href":"https:\/\/owogs.bs.katowice.pl\/index.php?rest_route=\/wp\/v2\/types\/page"}],"author":[{"embeddable":true,"href":"https:\/\/owogs.bs.katowice.pl\/index.php?rest_route=\/wp\/v2\/users\/1"}],"replies":[{"embeddable":true,"href":"https:\/\/owogs.bs.katowice.pl\/index.php?rest_route=%2Fwp%2Fv2%2Fcomments&post=34"}],"version-history":[{"count":6,"href":"https:\/\/owogs.bs.katowice.pl\/index.php?rest_route=\/wp\/v2\/pages\/34\/revisions"}],"predecessor-version":[{"id":274,"href":"https:\/\/owogs.bs.katowice.pl\/index.php?rest_route=\/wp\/v2\/pages\/34\/revisions\/274"}],"up":[{"embeddable":true,"href":"https:\/\/owogs.bs.katowice.pl\/index.php?rest_route=\/wp\/v2\/pages\/30"}],"wp:attachment":[{"href":"https:\/\/owogs.bs.katowice.pl\/index.php?rest_route=%2Fwp%2Fv2%2Fmedia&parent=34"}],"curies":[{"name":"wp","href":"https:\/\/api.w.org\/{rel}","templated":true}]}}